{"id":229,"date":"2021-09-16T17:08:43","date_gmt":"2021-09-16T17:08:43","guid":{"rendered":"https:\/\/mauriciojimenez.net\/dr-mauricio-jimenez\/?page_id=229"},"modified":"2021-12-02T16:34:17","modified_gmt":"2021-12-02T16:34:17","slug":"mentoplastia-cirugia-de-menton","status":"publish","type":"page","link":"https:\/\/mauriciojimenez.net\/dr-mauricio-jimenez\/mentoplastia-cirugia-de-menton\/","title":{"rendered":"Mentoplastia, Cirug\u00eda de Ment\u00f3n"},"content":{"rendered":"<p>[et_pb_section fb_built=\u00bb1&#8243; custom_padding_last_edited=\u00bbon|tablet\u00bb admin_label=\u00bbHero\u00bb _builder_version=\u00bb4.11.4&#8243; background_image=\u00bbhttps:\/\/mauriciojimenez.net\/wp-content\/uploads\/2021\/10\/10-scaled.jpg\u00bb custom_margin_tablet=\u00bb-54px||-54px||false|false\u00bb custom_margin_phone=\u00bb-42px||-46px||false|false\u00bb custom_margin_last_edited=\u00bbon|phone\u00bb custom_padding=\u00bb223px|0px|223px|0px|true|false\u00bb custom_padding_tablet=\u00bb199px||50px||false|false\u00bb custom_padding_phone=\u00bb72px||43px||false|false\u00bb bottom_divider_height=\u00bb50px\u00bb bottom_divider_flip=\u00bbhorizontal\u00bb bottom_divider_height_tablet=\u00bb90px\u00bb bottom_divider_height_phone=\u00bb80px\u00bb background_last_edited=\u00bbon|tablet\u00bb background_size_tablet=\u00bbcontain\u00bb background_size_phone=\u00bbcontain\u00bb locked=\u00bboff\u00bb global_colors_info=\u00bb{}\u00bb][\/et_pb_section][et_pb_section fb_built=\u00bb1&#8243; admin_label=\u00bbChecklist\u00bb _builder_version=\u00bb4.11.4&#8243; background_color=\u00bb#5b626f\u00bb custom_padding=\u00bb0px|0px|0px|0px|false|false\u00bb locked=\u00bboff\u00bb global_colors_info=\u00bb{}\u00bb][et_pb_row admin_label=\u00bbContent Area\u00bb _builder_version=\u00bb4.11.4&#8243; background_enable_color=\u00bboff\u00bb width=\u00bb100%\u00bb max_width=\u00bb100%\u00bb custom_margin=\u00bb|-88px||-58px|false|false\u00bb custom_margin_tablet=\u00bb||0px|\u00bb custom_margin_phone=\u00bb\u00bb custom_margin_last_edited=\u00bbon|desktop\u00bb custom_padding=\u00bb|||\u00bb use_custom_width=\u00bbon\u00bb width_unit=\u00bboff\u00bb custom_width_percent=\u00bb100%\u00bb global_colors_info=\u00bb{}\u00bb][et_pb_column type=\u00bb4_4&#8243; _builder_version=\u00bb3.25&#8243; custom_padding=\u00bb|||14%\u00bb custom_padding_tablet=\u00bb|50px||50px\u00bb custom_padding_phone=\u00bb\u00bb custom_padding_last_edited=\u00bbon|tablet\u00bb global_colors_info=\u00bb{}\u00bb padding_tablet=\u00bb|50px||50px\u00bb padding_last_edited=\u00bbon|tablet\u00bb custom_padding__hover=\u00bb|||\u00bb padding_phone=\u00bb|50px||50px\u00bb][et_pb_text admin_label=\u00bbHeader text\u00bb _builder_version=\u00bb4.11.4&#8243; text_font=\u00bbMontserrat|300|||||||\u00bb text_font_size=\u00bb16px\u00bb text_line_height=\u00bb1.8em\u00bb header_font=\u00bb||||||||\u00bb header_2_font=\u00bbAbhaya Libre|300|||||||\u00bb header_2_text_align=\u00bbcenter\u00bb header_2_text_color=\u00bb#FFFFFF\u00bb header_2_font_size=\u00bb49px\u00bb header_2_line_height=\u00bb1.5em\u00bb background_color=\u00bbRGBA(0,0,0,0)\u00bb max_width=\u00bb1077px\u00bb custom_margin=\u00bb-21px||-34px|227px|false|false\u00bb custom_margin_tablet=\u00bb-20px|-113px|-62px|-2px|false|false\u00bb custom_margin_last_edited=\u00bbon|tablet\u00bb custom_padding=\u00bb|||\u00bb header_2_font_size_tablet=\u00bb\u00bb header_2_font_size_phone=\u00bb30px\u00bb header_2_font_size_last_edited=\u00bbon|phone\u00bb global_colors_info=\u00bb{}\u00bb custom_margin_phone=\u00bb-20px|-113px|-62px|-2px|false|false\u00bb]<\/p>\n<h2>PREGUNTAS FRECUENTES<\/h2>\n<p>[\/et_pb_text][\/et_pb_column][\/et_pb_row][et_pb_row column_structure=\u00bb1_2,1_2&#8243; admin_label=\u00bbContent Area\u00bb _builder_version=\u00bb4.11.4&#8243; width=\u00bb100%\u00bb max_width=\u00bb100%\u00bb custom_margin=\u00bb|||\u00bb custom_margin_tablet=\u00bb||0px|\u00bb custom_margin_phone=\u00bb\u00bb custom_margin_last_edited=\u00bbon|desktop\u00bb custom_padding=\u00bb|||\u00bb use_custom_width=\u00bbon\u00bb width_unit=\u00bboff\u00bb custom_width_percent=\u00bb100%\u00bb global_colors_info=\u00bb{}\u00bb][et_pb_column type=\u00bb1_2&#8243; _builder_version=\u00bb3.25&#8243; custom_padding=\u00bb|||14%\u00bb custom_padding_tablet=\u00bb|50px||50px\u00bb custom_padding_phone=\u00bb\u00bb custom_padding_last_edited=\u00bbon|tablet\u00bb global_colors_info=\u00bb{}\u00bb padding_tablet=\u00bb|50px||50px\u00bb padding_last_edited=\u00bbon|tablet\u00bb custom_padding__hover=\u00bb|||\u00bb padding_phone=\u00bb|50px||50px\u00bb][et_pb_blurb title=\u00bb\u00bfC\u00f3mo se realiza una cirug\u00eda de ment\u00f3n o mentoplastia?\u00bb use_icon=\u00bbon\u00bb font_icon=\u00bb%%45%%\u00bb icon_color=\u00bb#48d14c\u00bb use_circle=\u00bbon\u00bb circle_color=\u00bb#e1f7e1&#8243; icon_placement=\u00bbleft\u00bb content_max_width=\u00bb1100px\u00bb use_icon_font_size=\u00bbon\u00bb icon_font_size=\u00bb22px\u00bb _builder_version=\u00bb4.11.4&#8243; header_font=\u00bbMontserrat||||||||\u00bb header_text_color=\u00bb#FFFFFF\u00bb header_line_height=\u00bb2em\u00bb body_font=\u00bbMontserrat|300|||||||\u00bb body_text_align=\u00bbjustify\u00bb body_text_color=\u00bb#FFFFFF\u00bb body_font_size=\u00bb15px\u00bb body_line_height=\u00bb1.8em\u00bb custom_margin=\u00bb|||-82px|false|false\u00bb custom_padding=\u00bb1px|||||\u00bb animation_style=\u00bbfade\u00bb animation=\u00bboff\u00bb hover_enabled=\u00bb0&#8243; locked=\u00bboff\u00bb global_colors_info=\u00bb{}\u00bb custom_margin_last_edited=\u00bbon|tablet\u00bb custom_margin_tablet=\u00bb|||-24px|false|false\u00bb icon_font_size_last_edited=\u00bbon|phone\u00bb icon_font_size_phone=\u00bb13px\u00bb sticky_enabled=\u00bb0&#8243; header_font_size_last_edited=\u00bbon|phone\u00bb header_font_size_phone=\u00bb15px\u00bb body_font_size_last_edited=\u00bbon|phone\u00bb body_font_size_phone=\u00bb14px\u00bb custom_margin_phone=\u00bb-26px|-22px||-43px|false|false\u00bb icon_font_size_tablet=\u00bb22px\u00bb body_font_size_tablet=\u00bb15px\u00bb]<\/p>\n<p>La pr\u00f3tesis del ment\u00f3n para cada paciente, se selecciona con base en un estudio de su fisonom\u00eda; dicha pr\u00f3tesis se fija debajo de los tejidos del ment\u00f3n y es permanente, sin que deba ser cambiada en la posteridad. Si se requiere, puede retirarse f\u00e1cilmente y sin complicaciones, en caso de que el paciente lo decida.<\/p>\n<p>La\u00a0mentoplastia o cirug\u00eda de ment\u00f3n\u00a0se puede realizar con anestesia local(aunque se deben seguir las recomendaciones del Dr. Mauricio Jim\u00e9nez para cada caso particular); normalmente no tiene mayores complicaciones y su recuperaci\u00f3n es corta con relaci\u00f3n a otros procedimientos. La intervenci\u00f3n de cirug\u00eda de ment\u00f3n o mentoplastia tiene una duraci\u00f3n promedio de una hora y media y la recuperaci\u00f3n inicial es de una semana, con resultados definitivos.<\/p>\n<p>[\/et_pb_blurb][et_pb_blurb title=\u00bb\u00bfDespu\u00e9s de realizarme una mentoplastia  o cirug\u00eda de menton, cu\u00e1ndo puedo regresar a mis actividades?\u00bb use_icon=\u00bbon\u00bb font_icon=\u00bb%%45%%\u00bb icon_color=\u00bb#48d14c\u00bb use_circle=\u00bbon\u00bb circle_color=\u00bb#e1f7e1&#8243; icon_placement=\u00bbleft\u00bb content_max_width=\u00bb1100px\u00bb use_icon_font_size=\u00bbon\u00bb icon_font_size=\u00bb22px\u00bb _builder_version=\u00bb4.11.4&#8243; header_font=\u00bbMontserrat||||||||\u00bb header_text_align=\u00bbjustify\u00bb header_text_color=\u00bb#FFFFFF\u00bb header_line_height=\u00bb2em\u00bb body_font=\u00bbMontserrat|300|||||||\u00bb body_text_align=\u00bbjustify\u00bb body_text_color=\u00bb#FFFFFF\u00bb body_font_size=\u00bb15px\u00bb body_line_height=\u00bb1.8em\u00bb custom_margin=\u00bb|||-86px|false|false\u00bb animation_style=\u00bbfade\u00bb animation_delay=\u00bb200ms\u00bb animation=\u00bboff\u00bb locked=\u00bboff\u00bb global_colors_info=\u00bb{}\u00bb custom_margin_last_edited=\u00bbon|tablet\u00bb custom_margin_tablet=\u00bb|||-24px|false|false\u00bb icon_font_size_last_edited=\u00bbon|phone\u00bb icon_font_size_phone=\u00bb13px\u00bb header_font_size_last_edited=\u00bbon|phone\u00bb header_font_size_phone=\u00bb15px\u00bb body_font_size_last_edited=\u00bbon|phone\u00bb body_font_size_phone=\u00bb14px\u00bb custom_margin_phone=\u00bb|-21px||-41px|false|false\u00bb icon_font_size_tablet=\u00bb22px\u00bb body_font_size_tablet=\u00bb15px\u00bb]<\/p>\n<p>Los pacientes podr\u00e1n volver a sus actividades habituales al tercer d\u00eda, siempre y cuando no hagan grandes esfuerzos f\u00edsicos o practiquen deportes, que ser\u00e1n viables solo hasta los quince d\u00edas. Normalmente, el cambio est\u00e9tico es bastante significativo, tanto por la modificaci\u00f3n local como por el mejor equilibrio que se consigue en el resto de la cara, especialmente con la nariz, logrando resultados muy naturales.<\/p>\n<p>[\/et_pb_blurb][et_pb_blurb title=\u00bb\u00bfCu\u00e1les son las Contraindicaciones de una Mentoplastia o cirug\u00eda de Ment\u00f3n?\u00bb use_icon=\u00bbon\u00bb font_icon=\u00bb%%45%%\u00bb icon_color=\u00bb#48d14c\u00bb use_circle=\u00bbon\u00bb circle_color=\u00bb#e1f7e1&#8243; icon_placement=\u00bbleft\u00bb content_max_width=\u00bb1100px\u00bb use_icon_font_size=\u00bbon\u00bb icon_font_size=\u00bb22px\u00bb _builder_version=\u00bb4.11.4&#8243; header_font=\u00bbMontserrat||||||||\u00bb header_text_color=\u00bb#FFFFFF\u00bb header_line_height=\u00bb2em\u00bb body_font=\u00bbMontserrat|300|||||||\u00bb body_text_align=\u00bbjustify\u00bb body_text_color=\u00bb#FFFFFF\u00bb body_font_size=\u00bb15px\u00bb body_line_height=\u00bb1.8em\u00bb custom_margin=\u00bb|||-89px|false|false\u00bb animation_style=\u00bbfade\u00bb animation_delay=\u00bb200ms\u00bb animation=\u00bboff\u00bb locked=\u00bboff\u00bb global_colors_info=\u00bb{}\u00bb custom_margin_last_edited=\u00bbon|tablet\u00bb custom_margin_tablet=\u00bb|||-27px|false|false\u00bb icon_font_size_last_edited=\u00bbon|phone\u00bb icon_font_size_phone=\u00bb13px\u00bb header_font_size_last_edited=\u00bbon|phone\u00bb header_font_size_phone=\u00bb15px\u00bb body_font_size_last_edited=\u00bbon|phone\u00bb body_font_size_phone=\u00bb14px\u00bb custom_margin_phone=\u00bb|-21px||-39px|false|false\u00bb icon_font_size_tablet=\u00bb22px\u00bb body_font_size_tablet=\u00bb15px\u00bb]<\/p>\n<p>No esta indicado realizar una Mentoplastia o Cirug\u00eda de ment\u00f3n, en pacientes con patolog\u00edas autoinmunes como Lupus Eritematoso Sist\u00e9mico, s\u00edndrome antifosfol\u00edpidos o Fibromialgia. Patolog\u00eda o antecedente trombotico conocido como trombofilia(Factor V de Leyden, Hiperhomocisteinemia, Anticuerpos antifosfol\u00edpidos, Enfermedad Renal cr\u00f3nica descompensada, d\u00e9ficits de Prote\u00edna C, Prote\u00edna S y Antitrombina III). Infecci\u00f3n bacteriana o f\u00fangica(hongos) en la piel, anemia aguda o cr\u00f3nica, desnutrici\u00f3n de cualquier tipo, Obesidad tipo II (IMC &gt;30) y en adelante. Pacientes con consumo importante de cigarrillo(mas de un paquete en quince d\u00edas) u otras drogas alucin\u00f3genas.\u00a0 Pacientes que hayan perdido mas de un 30% de sus piezas dentales.<\/p>\n<p>[\/et_pb_blurb][et_pb_button button_url=\u00bbhttps:\/\/api.whatsapp.com\/send?phone=573133039195&#038;text=Hola%2C+me+gustar%C3%ADa+ampliar+la+informaci%C3%B3n+que+encontr%C3%A9+en+su+p%C3%A1gina+Web+sobre+Consulta+Virtual+con+el+Dr.+Mauricio+Jim%C3%A9nez\u00bb button_text=\u00bbQuiero saber m\u00e1s\u00bb button_alignment=\u00bbleft\u00bb _builder_version=\u00bb4.11.4&#8243; custom_button=\u00bbon\u00bb button_text_size=\u00bb14px\u00bb button_text_color=\u00bb#50668b\u00bb button_bg_color=\u00bb#e2ebef\u00bb button_border_width=\u00bb18px\u00bb button_border_color=\u00bb#e2ebef\u00bb button_border_radius=\u00bb100px\u00bb button_letter_spacing=\u00bb1px\u00bb button_font=\u00bbMontserrat|500|||||||\u00bb background_layout=\u00bbdark\u00bb custom_margin=\u00bb|||\u00bb custom_padding=\u00bb|||\u00bb locked=\u00bboff\u00bb global_colors_info=\u00bb{}\u00bb button_text_size__hover_enabled=\u00bboff\u00bb button_one_text_size__hover_enabled=\u00bboff\u00bb button_two_text_size__hover_enabled=\u00bboff\u00bb button_text_color__hover_enabled=\u00bbon|hover\u00bb button_one_text_color__hover_enabled=\u00bboff\u00bb button_two_text_color__hover_enabled=\u00bboff\u00bb button_border_width__hover_enabled=\u00bboff\u00bb button_one_border_width__hover_enabled=\u00bboff\u00bb button_two_border_width__hover_enabled=\u00bboff\u00bb button_border_color__hover_enabled=\u00bbon|desktop\u00bb button_one_border_color__hover_enabled=\u00bboff\u00bb button_two_border_color__hover_enabled=\u00bboff\u00bb button_border_radius__hover_enabled=\u00bboff\u00bb button_one_border_radius__hover_enabled=\u00bboff\u00bb button_two_border_radius__hover_enabled=\u00bboff\u00bb button_letter_spacing__hover_enabled=\u00bboff\u00bb button_one_letter_spacing__hover_enabled=\u00bboff\u00bb button_two_letter_spacing__hover_enabled=\u00bboff\u00bb button_bg_color__hover_enabled=\u00bbon|hover\u00bb button_one_bg_color__hover_enabled=\u00bboff\u00bb button_two_bg_color__hover_enabled=\u00bboff\u00bb button_text_color__hover=\u00bb#e2ebef\u00bb button_bg_color__hover=\u00bb#50668b\u00bb button_bg_enable_color__hover=\u00bbon\u00bb button_border_color__hover=\u00bb#50668b\u00bb custom_margin_last_edited=\u00bbon|tablet\u00bb custom_margin_tablet=\u00bb|196px||227px|false|false\u00bb custom_margin_phone=\u00bb-15px|-34px||51px|false|false\u00bb][\/et_pb_button][\/et_pb_column][et_pb_column type=\u00bb1_2&#8243; _builder_version=\u00bb4.11.4&#8243; _module_preset=\u00bbdefault\u00bb global_colors_info=\u00bb{}\u00bb][et_pb_blurb title=\u00bb\u00bfC\u00f3mo es el post-operatorio de la mentoplastia o cirug\u00eda de ment\u00f3n?\u00bb use_icon=\u00bbon\u00bb font_icon=\u00bb%%45%%\u00bb icon_color=\u00bb#48d14c\u00bb use_circle=\u00bbon\u00bb circle_color=\u00bb#e1f7e1&#8243; icon_placement=\u00bbleft\u00bb content_max_width=\u00bb1100px\u00bb use_icon_font_size=\u00bbon\u00bb icon_font_size=\u00bb22px\u00bb _builder_version=\u00bb4.11.4&#8243; header_font=\u00bbMontserrat||||||||\u00bb header_text_color=\u00bb#FFFFFF\u00bb header_line_height=\u00bb2em\u00bb body_font=\u00bbMontserrat|300|||||||\u00bb body_text_align=\u00bbjustify\u00bb body_text_color=\u00bb#FFFFFF\u00bb body_font_size=\u00bb15px\u00bb body_line_height=\u00bb1.8em\u00bb custom_margin=\u00bb|208px|||false|false\u00bb custom_padding=\u00bb8px|||||\u00bb animation_style=\u00bbfade\u00bb animation_delay=\u00bb100ms\u00bb animation=\u00bboff\u00bb locked=\u00bboff\u00bb global_colors_info=\u00bb{}\u00bb custom_margin_last_edited=\u00bbon|tablet\u00bb custom_margin_tablet=\u00bb-22px|48px||28px|false|false\u00bb icon_font_size_last_edited=\u00bbon|phone\u00bb icon_font_size_phone=\u00bb13px\u00bb header_font_size_last_edited=\u00bbon|phone\u00bb header_font_size_phone=\u00bb15px\u00bb body_font_size_last_edited=\u00bbon|phone\u00bb body_font_size_phone=\u00bb14px\u00bb custom_margin_phone=\u00bb|27px||13px|false|false\u00bb icon_font_size_tablet=\u00bb22px\u00bb body_font_size_tablet=\u00bb15px\u00bb]<\/p>\n<p>Dentro de los cuidados que se deben tener despu\u00e9s de la intervenci\u00f3n de\u00a0mentoplastia o cirug\u00eda de ment\u00f3n, se recomiendan limpiezas bucales con enjuagues antisepticos por lo menos 8 veces al d\u00eda durante los siete primeros d\u00edas. Por otra parte no es recomendado realizar masajes en el postoperatorio inmediato, ya que estos pueden desacomodar la pr\u00f3tesis implantada.<\/p>\n<p>Se puede presentar un poco de insensibilidad en la piel del labio inferior y el ment\u00f3n durante los primeros d\u00edas. En caso de presentar dolor se recetar\u00e1n analg\u00e9sicos y otros medicamentos para reducir estas molestias.<\/p>\n<p>No ser\u00e1 necesario retirar los puntos ya que \u00e9stos son reabsorbidos por el cuerpo, la hinchaz\u00f3n puede durar una o dos semanas aproximadamente y no se suelen presentar hematomas<\/p>\n<p>[\/et_pb_blurb][et_pb_blurb title=\u00bb\u00bfCu\u00e1les son los Riesgos de una Mentoplastia o cirug\u00eda de Ment\u00f3n?\u00bb use_icon=\u00bbon\u00bb font_icon=\u00bb%%45%%\u00bb icon_color=\u00bb#48d14c\u00bb use_circle=\u00bbon\u00bb circle_color=\u00bb#e1f7e1&#8243; icon_placement=\u00bbleft\u00bb content_max_width=\u00bb1100px\u00bb use_icon_font_size=\u00bbon\u00bb icon_font_size=\u00bb22px\u00bb _builder_version=\u00bb4.11.4&#8243; header_font=\u00bbMontserrat||||||||\u00bb header_text_color=\u00bb#FFFFFF\u00bb header_line_height=\u00bb2em\u00bb body_font=\u00bbMontserrat|300|||||||\u00bb body_text_align=\u00bbjustify\u00bb body_text_color=\u00bb#FFFFFF\u00bb body_line_height=\u00bb1.8em\u00bb custom_margin=\u00bb|208px|||false|false\u00bb animation_style=\u00bbfade\u00bb animation_delay=\u00bb200ms\u00bb animation=\u00bboff\u00bb hover_enabled=\u00bb0&#8243; locked=\u00bboff\u00bb global_colors_info=\u00bb{}\u00bb custom_margin_last_edited=\u00bbon|tablet\u00bb custom_margin_tablet=\u00bb|47px||27px|false|false\u00bb sticky_enabled=\u00bb0&#8243; icon_font_size_last_edited=\u00bbon|phone\u00bb icon_font_size_phone=\u00bb13px\u00bb header_font_size_last_edited=\u00bbon|phone\u00bb header_font_size_phone=\u00bb15px\u00bb custom_margin_phone=\u00bb|27px||14px|false|false\u00bb icon_font_size_tablet=\u00bb22px\u00bb]<\/p>\n<p>Sangrado o hematoma, Infecci\u00f3n o absceso, Dehiscencia o reapertura de la herida despu\u00e9s de la cirug\u00eda. Cicatriz Hipertr\u00f3fica o excesivamente visible, retra\u00edda o sobre elevada. Extrusi\u00f3n o expulsi\u00f3n del implante a trav\u00e9s de la piel o mucosa. Asimetr\u00eda facial mayor a la previamente existente, rotaci\u00f3n o desplazamiento del implante, rechazo al material del implante. Inconformidad con el resultado final con respecto a la expectativa de la paciente.<\/p>\n<p>[\/et_pb_blurb][\/et_pb_column][\/et_pb_row][\/et_pb_section][et_pb_section fb_built=\u00bb1&#8243; admin_label=\u00bbAbout\u00bb _builder_version=\u00bb4.10.7&#8243; use_background_color_gradient=\u00bbon\u00bb background_color_gradient_start=\u00bbrgba(255,255,255,0)\u00bb background_color_gradient_end=\u00bb#ffffff\u00bb background_color_gradient_direction=\u00bb90deg\u00bb background_color_gradient_end_position=\u00bb50%\u00bb background_color_gradient_overlays_image=\u00bbon\u00bb background_enable_image=\u00bboff\u00bb background_position=\u00bbcenter_left\u00bb locked=\u00bboff\u00bb global_colors_info=\u00bb{}\u00bb][et_pb_row column_structure=\u00bb1_2,1_2&#8243; _builder_version=\u00bb4.10.7&#8243; global_colors_info=\u00bb{}\u00bb][et_pb_column type=\u00bb1_2&#8243; _builder_version=\u00bb3.25&#8243; custom_padding=\u00bb|||\u00bb global_colors_info=\u00bb{}\u00bb custom_padding__hover=\u00bb|||\u00bb][et_pb_text _builder_version=\u00bb4.11.4&#8243; _module_preset=\u00bbdefault\u00bb header_font=\u00bbAbhaya Libre||||||||\u00bb header_font_size=\u00bb52px\u00bb header_2_font=\u00bbArchivo||||||||\u00bb header_2_text_color=\u00bb#50668b\u00bb header_3_font=\u00bbMontserrat|300|||||||\u00bb header_3_text_align=\u00bbjustify\u00bb header_3_text_color=\u00bb#000000&#8243; header_3_font_size=\u00bb18px\u00bb header_3_line_height=\u00bb1.1em\u00bb custom_margin=\u00bb|-152px||-364px||\u00bb custom_margin_tablet=\u00bb-40px|-29px||-33px|false|false\u00bb custom_margin_phone=\u00bb|-3px|||false|false\u00bb custom_margin_last_edited=\u00bbon|tablet\u00bb hover_enabled=\u00bb0&#8243; inline_fonts=\u00bbAbel,Montserrat\u00bb global_colors_info=\u00bb{}\u00bb sticky_enabled=\u00bb0&#8243; header_3_font_size_last_edited=\u00bbon|phone\u00bb header_3_font_size_phone=\u00bb14px\u00bb header_2_font_size_last_edited=\u00bbon|phone\u00bb header_2_font_size_phone=\u00bb18px\u00bb header_2_text_align=\u00bbright\u00bb header_3_font_size_tablet=\u00bb18px\u00bb]<\/p>\n<h3 style=\"padding-left: 40px;\">El ment\u00f3n es primordial para el rostro porque determina la apariencia general del perfil. Las barbillas que se fusionan hacia el centro, son las llamadas femeninas, mientras que las que se fusionan debajo de los dientes caninos con una l\u00ednea recta, son las llamadas masculinas. Esto hace que las barbillas de los hombres se vean m\u00e1s cuadradas y llenas, mientras que las de las mujeres son m\u00e1s afinadas y estrechas.<\/h3>\n<h3 style=\"padding-left: 40px;\">Aunque los gustos difieren, hay una serie de pautas acerca de las caracter\u00edsticas de un rostro est\u00e9ticamente agradable. Teniendo en cuenta el perfil de la cara debe tener un ligero grado de convexidad. Por otra parte, dentro de lo funcional est\u00e1 el hecho de que en muchas ocasiones, los problemas mandibulares ocasionan problemas f\u00edsicos como el ronquido y da\u00f1os sobre la dentadura.<\/h3>\n<h3 style=\"padding-left: 40px;\"><\/h3>\n<h2>\u00bfQu\u00e9 esperar de la mentoplastia o cirug\u00eda de Ment\u00f3n y cu\u00e1les son sus beneficios?<\/h2>\n<h3 style=\"padding-left: 40px;\"><\/h3>\n<h3 style=\"padding-left: 40px;\">La armon\u00eda del \u00f3valo facial depende de diferentes factores. Algunas personas requieren retocar su nariz o p\u00f3mulos para dar definici\u00f3n al rostro. Sin embargo, la cirug\u00eda en el ment\u00f3n es uno de los procedimientos m\u00e1s recomendados para dar el toque sim\u00e9trico que requieren varios rostros.<\/h3>\n<h3 style=\"padding-left: 40px;\"><\/h3>\n<h3 style=\"padding-left: 40px;\">Para poder determinar qu\u00e9 zonas son susceptibles de mejora, debe comprenderse el rostro de la siguiente forma:<\/h3>\n<h3 style=\"padding-left: 40px;\">Tercio facial superior: Frente y los p\u00e1rpados superiores.<\/h3>\n<h3 style=\"padding-left: 40px;\">Tercio facial medio: Va desde los p\u00e1rpados inferiores hasta la nariz.<\/h3>\n<h3 style=\"padding-left: 40px;\">Tercio facial inferior: Boca, ment\u00f3n y mand\u00edbula.<\/h3>\n<h3 style=\"padding-left: 40px;\"><\/h3>\n<h3 style=\"padding-left: 40px;\">El equilibrio del rostro consiste entonces en que estos tres tercios est\u00e9n equilibrados. Aunque de esta cirug\u00eda se habla poco pues se alterna con procedimientos como la\u00a0rinoplastia, la\u00a0mentoplastia o cirug\u00eda de ment\u00f3n\u00a0tambi\u00e9n se asocia a la cirug\u00eda maxilofacial debido a que esta ultima, busca corregir ciertos problemas funcionales del rostro como el ronquido o da\u00f1os en los dientes.<\/h3>\n<h3 style=\"padding-left: 40px;\">En el consultorio del\u00a0Dr. Mauricio Jim\u00e9nez, el objetivo de la cirug\u00eda de ment\u00f3n consiste en mejorar la est\u00e9tica del rostro gracias al aumento o disminuci\u00f3n estrat\u00e9gica de la zona por medio de implantes o avance de hueso del paciente.<\/h3>\n<h3 style=\"padding-left: 40px;\"><\/h3>\n<h3 style=\"padding-left: 40px;\">El resultado obtenido sin duda otorga simetr\u00eda, proporci\u00f3n o incluso, modifica la posici\u00f3n o la proyecci\u00f3n de ciertas estructuras de la cara generando una armon\u00eda integral en el rostro.<\/h3>\n<h3 style=\"padding-left: 40px;\">En el procedimiento consiste en realizar una peque\u00f1a incisi\u00f3n por dentro de la boca, con el fin de abrir campo para la pr\u00f3tesis o implante que le dar\u00e1 armon\u00eda al rostro. Las pr\u00f3tesis utilizadas en la cirug\u00eda de ment\u00f3n, est\u00e1n hechas de silicona densa, dura pero maleable y son dise\u00f1adas exclusivamente seg\u00fan tu tipo de rostro con el fin de que se vea lo m\u00e1s natural posible.<\/h3>\n<h3 style=\"padding-left: 40px;\"><\/h3>\n<h3 style=\"padding-left: 40px;\">Dentro de sus beneficios tambi\u00e9n se encuentra que la cirug\u00eda de ment\u00f3n o mentoplastia logra corregir las malformaciones del ment\u00f3n que han sido resultado de anormalidades del desarrollo de los huesos en la mand\u00edbula o problemas gen\u00e9ticos; adicionalmente, la mentoplastia o cirug\u00eda de ment\u00f3n no s\u00f3lo es usada como cirug\u00eda est\u00e9tica sino reconstructiva, que se hace necesaria luego de un trauma o accidente que haya deformado el tercio inferior de la cara.<\/h3>\n<p>[\/et_pb_text][\/et_pb_column][et_pb_column type=\u00bb1_2&#8243; _builder_version=\u00bb3.25&#8243; custom_padding=\u00bb|||\u00bb global_colors_info=\u00bb{}\u00bb custom_padding__hover=\u00bb|||\u00bb][et_pb_blurb title=\u00bbCont\u00e1ctanos en Bogot\u00e1\u00bb use_icon=\u00bbon\u00bb font_icon=\u00bb%%0%%\u00bb icon_color=\u00bb#50668b\u00bb icon_alignment=\u00bbleft\u00bb use_icon_font_size=\u00bbon\u00bb icon_font_size=\u00bb1px\u00bb _builder_version=\u00bb4.11.3&#8243; _module_preset=\u00bbdefault\u00bb header_level=\u00bbh1&#8243; header_font=\u00bbAbhaya Libre|700|||||||\u00bb header_text_align=\u00bbcenter\u00bb header_text_color=\u00bb#FFFFFF\u00bb body_font=\u00bb|600|||||||\u00bb body_text_align=\u00bbcenter\u00bb body_text_color=\u00bb#FFFFFF\u00bb background_color=\u00bb#50668b\u00bb custom_margin=\u00bb|-32px|3px|217px||\u00bb custom_margin_tablet=\u00bb|9px|-4px|5px|false|false\u00bb custom_margin_phone=\u00bb\u00bb custom_margin_last_edited=\u00bbon|tablet\u00bb custom_padding=\u00bb|14px|19px|16px||\u00bb custom_padding_tablet=\u00bb\u00bb custom_padding_phone=\u00bb\u00bb custom_padding_last_edited=\u00bbon|tablet\u00bb locked=\u00bboff\u00bb global_colors_info=\u00bb{}\u00bb]<\/p>\n<h5><span style=\"color: #ffffff;\">Ll\u00e1manos o escr\u00edbenos por Whatsapp\u00a0 \u00a0 y resuelve todas tus dudas.<\/span><\/h5>\n<p style=\"text-align: left; padding-left: 40px;\">[\/et_pb_blurb][et_pb_text _builder_version=\u00bb4.11.3&#8243; _module_preset=\u00bbdefault\u00bb background_color=\u00bb#50668b\u00bb custom_margin=\u00bb-12px|-32px|-9px|217px||\u00bb custom_margin_tablet=\u00bb1px|9px|-8px|5px|false|false\u00bb custom_margin_phone=\u00bb|9px|||false|false\u00bb custom_margin_last_edited=\u00bbon|tablet\u00bb custom_padding=\u00bb0px||16px|||\u00bb custom_padding_tablet=\u00bb13px|0px|16px|5px|false|false\u00bb custom_padding_phone=\u00bb\u00bb custom_padding_last_edited=\u00bbon|tablet\u00bb locked=\u00bboff\u00bb global_colors_info=\u00bb{}\u00bb]<\/p>\n<p style=\"text-align: left; padding-left: 40px;\"><img loading=\"lazy\" decoding=\"async\" src=\"https:\/\/mauriciojimenez.net\/wp-content\/uploads\/2021\/10\/ss.png\" width=\"29\" height=\"30\" alt=\"\" class=\"wp-image-1196 alignnone size-full\" style=\"float: left;\" srcset=\"https:\/\/mauriciojimenez.net\/wp-content\/uploads\/2021\/10\/ss.png 273w, https:\/\/mauriciojimenez.net\/wp-content\/uploads\/2021\/10\/ss-150x150.png 150w\" sizes=\"auto, (max-width: 29px) 100vw, 29px\" \/>\u00a0 <span style=\"color: #ffffff;\"><a href=\"https:\/\/api.whatsapp.com\/send?phone=573133039195&amp;text=Hola%2C+me+gustar%C3%ADa+ampliar+la+informaci%C3%B3n+que+encontr%C3%A9+en+su+p%C3%A1gina+Web+sobre+Cirujano+Pl%C3%A1stico\" style=\"color: #ffffff;\">(+57)313 303 9195<\/a><\/span><\/p>\n<p style=\"padding-left: 40px; text-align: left;\"><span style=\"color: #ffffff;\"><span style=\"color: #000000;\"><img loading=\"lazy\" decoding=\"async\" src=\"https:\/\/mauriciojimenez.net\/wp-content\/uploads\/2021\/10\/pngwing.com_-300x295.png\" width=\"31\" height=\"31\" alt=\"\" class=\"wp-image-1200 alignnone size-medium\" style=\"color: #333333;\" \/><\/span>(+571) 702 9626<\/span><\/p>\n<p>[\/et_pb_text][et_pb_text _builder_version=\u00bb4.11.3&#8243; _module_preset=\u00bbdefault\u00bb header_3_font=\u00bbAbhaya Libre|600|||||||\u00bb header_3_text_align=\u00bbcenter\u00bb header_3_text_color=\u00bb#FFFFFF\u00bb header_3_font_size=\u00bb27px\u00bb background_color=\u00bb#50668b\u00bb min_height=\u00bb58px\u00bb custom_margin=\u00bb1px|-32px|6px|217px||\u00bb custom_margin_tablet=\u00bb1px|9px|-1px|5px|false|false\u00bb custom_margin_phone=\u00bb\u00bb custom_margin_last_edited=\u00bbon|tablet\u00bb custom_padding=\u00bb22px|||||\u00bb custom_padding_tablet=\u00bb22px||9px||false|false\u00bb custom_padding_phone=\u00bb\u00bb custom_padding_last_edited=\u00bbon|tablet\u00bb locked=\u00bboff\u00bb global_colors_info=\u00bb{}\u00bb custom_padding__hover_enabled=\u00bboff|desktop\u00bb]<\/p>\n<h3><span>Solicita un mensaje o llamada de respuesta.<\/span><\/h3>\n<p>[\/et_pb_text][et_pb_contact_form captcha=\u00bboff\u00bb email=\u00bbinfo@mauriciojimenez.net\u00bb _builder_version=\u00bb4.11.3&#8243; _module_preset=\u00bbdefault\u00bb background_color=\u00bb#50668b\u00bb custom_button=\u00bbon\u00bb button_text_size=\u00bb20px\u00bb button_text_color=\u00bb#000000&#8243; button_bg_color=\u00bb#e6efef\u00bb button_border_width=\u00bb3px\u00bb button_border_color=\u00bb#e6efef\u00bb button_border_radius=\u00bb43px\u00bb button_letter_spacing=\u00bb1px\u00bb button_font=\u00bbAbhaya Libre||||||||\u00bb max_height=\u00bb1000px\u00bb custom_margin=\u00bb-8px|-32px||217px|false|false\u00bb custom_margin_tablet=\u00bb|9px||5px|false|false\u00bb custom_margin_phone=\u00bb-8px|9px||5px|false|false\u00bb custom_margin_last_edited=\u00bbon|phone\u00bb custom_padding=\u00bb43px|15px|14px|16px|false|false\u00bb custom_padding_tablet=\u00bb\u00bb custom_padding_phone=\u00bb\u00bb custom_padding_last_edited=\u00bbon|phone\u00bb locked=\u00bboff\u00bb global_colors_info=\u00bb{}\u00bb button_border_color__hover_enabled=\u00bbon|hover\u00bb button_border_color__hover=\u00bb#5b626f\u00bb button_bg_color__hover_enabled=\u00bbon|desktop\u00bb button_bg_color__hover=\u00bb#5b626f\u00bb button_bg_enable_color__hover=\u00bbon\u00bb button_text_color__hover_enabled=\u00bbon|hover\u00bb button_text_color__hover=\u00bb#e2ebef\u00bb][et_pb_contact_field field_id=\u00bbNombre\u00bb field_title=\u00bbNombre\u00bb fullwidth_field=\u00bbon\u00bb _builder_version=\u00bb4.11.2&#8243; _module_preset=\u00bbdefault\u00bb form_field_background_color=\u00bb#ededed\u00bb form_field_text_color=\u00bb#444444&#8243; form_field_focus_background_color=\u00bb#e6efef\u00bb form_field_focus_text_color=\u00bb#444444&#8243; text_orientation=\u00bbleft\u00bb height=\u00bb40px\u00bb global_colors_info=\u00bb{}\u00bb min_height__hover_enabled=\u00bboff|desktop\u00bb][\/et_pb_contact_field][et_pb_contact_field field_id=\u00bbE-mail\u00bb field_title=\u00bbE-mail\u00bb fullwidth_field=\u00bbon\u00bb _builder_version=\u00bb4.11.2&#8243; _module_preset=\u00bbdefault\u00bb form_field_background_color=\u00bb#ededed\u00bb form_field_text_color=\u00bb#444444&#8243; form_field_focus_background_color=\u00bb#e6efef\u00bb form_field_focus_text_color=\u00bb#444444&#8243; height=\u00bb40px\u00bb global_colors_info=\u00bb{}\u00bb][\/et_pb_contact_field][et_pb_contact_field field_id=\u00bbTel\u00e9fono\u00bb field_title=\u00bbTel\u00e9fono\u00bb fullwidth_field=\u00bbon\u00bb _builder_version=\u00bb4.11.2&#8243; _module_preset=\u00bbdefault\u00bb form_field_background_color=\u00bb#ededed\u00bb form_field_text_color=\u00bb#444444&#8243; form_field_focus_background_color=\u00bb#e6efef\u00bb form_field_focus_text_color=\u00bb#444444&#8243; max_height=\u00bb40px\u00bb global_colors_info=\u00bb{}\u00bb][\/et_pb_contact_field][et_pb_contact_field field_id=\u00bbCont\u00e1ctame_por\u00bb field_title=\u00bbCont\u00e1ctame por\u00bb field_type=\u00bbselect\u00bb select_options=\u00bb%91{%22value%22:%22E-mail%22,%22checked%22:0,%22dragID%22:-1},{%22value%22:%22Tel\u00e9fono%22,%22checked%22:0,%22dragID%22:0},{%22value%22:%22Whatsapp%22,%22checked%22:0,%22dragID%22:1}%93&#8243; fullwidth_field=\u00bbon\u00bb _builder_version=\u00bb4.11.2&#8243; _module_preset=\u00bbdefault\u00bb form_field_background_color=\u00bb#ededed\u00bb form_field_text_color=\u00bb#444444&#8243; form_field_focus_background_color=\u00bb#e6efef\u00bb form_field_focus_text_color=\u00bb#444444&#8243; max_height=\u00bb50px\u00bb global_colors_info=\u00bb{}\u00bb][\/et_pb_contact_field][et_pb_contact_field field_id=\u00bbMensaje\u00bb field_title=\u00bbEscribe aqu\u00ed tus dudas o solicita m\u00e1s informaci\u00f3n\u00bb field_type=\u00bbtext\u00bb fullwidth_field=\u00bbon\u00bb _builder_version=\u00bb4.11.2&#8243; _module_preset=\u00bbdefault\u00bb form_field_background_color=\u00bb#ededed\u00bb form_field_text_color=\u00bb#444444&#8243; form_field_focus_background_color=\u00bb#e6efef\u00bb form_field_focus_text_color=\u00bb#444444&#8243; global_colors_info=\u00bb{}\u00bb][\/et_pb_contact_field][\/et_pb_contact_form][\/et_pb_column][\/et_pb_row][\/et_pb_section][et_pb_section fb_built=\u00bb1&#8243; _builder_version=\u00bb4.11.3&#8243; _module_preset=\u00bbdefault\u00bb background_color=\u00bb#5b626f\u00bb custom_padding=\u00bb0px||0px|||\u00bb locked=\u00bboff\u00bb global_colors_info=\u00bb{}\u00bb][et_pb_row _builder_version=\u00bb4.11.3&#8243; _module_preset=\u00bbdefault\u00bb custom_margin=\u00bb|auto||57px||\u00bb custom_padding=\u00bb||11px|||\u00bb global_colors_info=\u00bb{}\u00bb][et_pb_column type=\u00bb4_4&#8243; _builder_version=\u00bb4.11.3&#8243; _module_preset=\u00bbdefault\u00bb global_colors_info=\u00bb{}\u00bb][et_pb_text content_tablet=\u00bb<\/p>\n<h1 style=%22text-align: center;%22><strong>Cirug\u00eda pl\u00e1stica est\u00e9tica responsable<\/strong><\/h1>\n<h4><\/h4>\n<ul>\n<li>\n<h4 style=%22text-align: justify;%22>El contenido que se encuentra en esta secci\u00f3n es \u00fanicamente informativo. Los resultados y recomendaciones del procedimiento Abdominoplastia, pueden ser diferentes de acuerdo a las condiciones f\u00edsicas espec\u00edficas de cada paciente y el seguimiento riguroso de las indicaciones del Dr. Mauricio Jim\u00e9nez antes, durante y despu\u00e9s de la cirug\u00eda.<\/h4>\n<\/li>\n<li style=%22text-align: justify;%22>\n<h4>Todos los tiempos indicados en esta secci\u00f3n como duraci\u00f3n del procedimiento, tiempo de recuperaci\u00f3n, uso de fajas o medicamentos entre otros, puede variar de acuerdo a las condiciones de cada paciente.<\/h4>\n<\/li>\n<li style=%22text-align: justify;%22>\n<h4>Recomendamos contactarnos para obtener informaci\u00f3n m\u00e1s detallada sobre resultados, duraci\u00f3n, preparaci\u00f3n, incapacidad, contraindicaciones y riesgos.<\/h4>\n<\/li>\n<li style=%22text-align: justify;%22>\n<h4>Solo en la cita de valoraci\u00f3n y luego de los ex\u00e1menes m\u00e9dicos propios de la cirug\u00eda es que se podr\u00e1 entregar al paciente, informaci\u00f3n precisa sobre el procedimiento de Abdominoplastia, aplicada a su caso.<\/h4>\n<\/li>\n<li style=%22text-align: justify;%22>\n<h4>El precio del procedimiento Abdominoplastia puede variar de acuerdo a las condiciones espec\u00edficas del paciente. Solo en la cita de valoraci\u00f3n, se podr\u00e1n entregar los costos precisos de la cirug\u00eda o tratamiento.<\/h4>\n<\/li>\n<li>\n<h4 style=%22text-align: justify;%22>Todos los testimonios, videos y fotos de antes y despu\u00e9s, corresponden a resultados y experiencias obtenidas en esos pacientes espec\u00edficos. Los resultados de los tratamientos y\/o procedimientos pueden variar en cada persona.<\/h4>\n<\/li>\n<\/ul>\n<p>\u00bb content_phone=\u00bb<\/p>\n<h1 style=%22text-align: center;%22><strong>Cirug\u00eda pl\u00e1stica <\/strong><\/h1>\n<h1 style=%22text-align: center;%22><strong>  est\u00e9tica responsable<\/strong><\/h1>\n<h4><\/h4>\n<ul>\n<li>\n<h4 style=%22text-align: justify;%22>El contenido que se encuentra en esta secci\u00f3n es \u00fanicamente informativo. Los resultados y recomendaciones del procedimiento Abdominoplastia, pueden ser diferentes de acuerdo a las condiciones f\u00edsicas espec\u00edficas de cada paciente y el seguimiento riguroso de las indicaciones del Dr. Mauricio Jim\u00e9nez antes, durante y despu\u00e9s de la cirug\u00eda.<\/h4>\n<\/li>\n<li style=%22text-align: justify;%22>\n<h4>Todos los tiempos indicados en esta secci\u00f3n como duraci\u00f3n del procedimiento, tiempo de recuperaci\u00f3n, uso de fajas o medicamentos entre otros, puede variar de acuerdo a las condiciones de cada paciente.<\/h4>\n<\/li>\n<li style=%22text-align: justify;%22>\n<h4>Recomendamos contactarnos para obtener informaci\u00f3n m\u00e1s detallada sobre resultados, duraci\u00f3n, preparaci\u00f3n, incapacidad, contraindicaciones y riesgos.<\/h4>\n<\/li>\n<li style=%22text-align: justify;%22>\n<h4>Solo en la cita de valoraci\u00f3n y luego de los ex\u00e1menes m\u00e9dicos propios de la cirug\u00eda es que se podr\u00e1 entregar al paciente, informaci\u00f3n precisa sobre el procedimiento de Abdominoplastia, aplicada a su caso.<\/h4>\n<\/li>\n<li style=%22text-align: justify;%22>\n<h4>El precio del procedimiento Abdominoplastia puede variar de acuerdo a las condiciones espec\u00edficas del paciente. Solo en la cita de valoraci\u00f3n, se podr\u00e1n entregar los costos precisos de la cirug\u00eda o tratamiento.<\/h4>\n<\/li>\n<li>\n<h4 style=%22text-align: justify;%22>Todos los testimonios, videos y fotos de antes y despu\u00e9s, corresponden a resultados y experiencias obtenidas en esos pacientes espec\u00edficos. Los resultados de los tratamientos y\/o procedimientos pueden variar en cada persona.<\/h4>\n<\/li>\n<\/ul>\n<p>\u00bb content_last_edited=\u00bbon|phone\u00bb _builder_version=\u00bb4.11.4&#8243; _module_preset=\u00bbdefault\u00bb header_font=\u00bbAbhaya Libre||||||||\u00bb header_text_color=\u00bb#FFFFFF\u00bb header_font_size=\u00bb40px\u00bb header_4_font=\u00bbMontserrat||||||||\u00bb header_4_text_color=\u00bb#FFFFFF\u00bb custom_margin=\u00bb|-391px||||\u00bb custom_margin_tablet=\u00bb|-25px|||false|false\u00bb custom_margin_phone=\u00bb|6px||-40px|false|false\u00bb custom_margin_last_edited=\u00bbon|tablet\u00bb hover_enabled=\u00bb0&#8243; header_font_size_tablet=\u00bb\u00bb header_font_size_phone=\u00bb35px\u00bb header_font_size_last_edited=\u00bbon|phone\u00bb header_4_font_size_tablet=\u00bb15px\u00bb header_4_font_size_phone=\u00bb\u00bb header_4_font_size_last_edited=\u00bbon|tablet\u00bb global_colors_info=\u00bb{}\u00bb sticky_enabled=\u00bb0&#8243;]<\/p>\n<h1><strong>Cirug\u00eda pl\u00e1stica est\u00e9tica responsable<\/strong><\/h1>\n<h4><\/h4>\n<ul>\n<li>\n<h4>El contenido que se encuentra en esta secci\u00f3n es \u00fanicamente informativo. Los resultados y recomendaciones del procedimiento mentoplastia, pueden ser diferentes de acuerdo a las condiciones f\u00edsicas espec\u00edficas de cada paciente y el seguimiento riguroso de las indicaciones del Dr. Mauricio Jim\u00e9nez antes, durante y despu\u00e9s de la cirug\u00eda.<\/h4>\n<\/li>\n<li>\n<h4>Todos los tiempos indicados en esta secci\u00f3n como duraci\u00f3n del procedimiento, tiempo de recuperaci\u00f3n, uso de fajas o medicamentos entre otros, puede variar de acuerdo a las condiciones de cada paciente.<\/h4>\n<\/li>\n<li>\n<h4>Recomendamos contactarnos para obtener informaci\u00f3n m\u00e1s detallada sobre resultados, duraci\u00f3n, preparaci\u00f3n, incapacidad, contraindicaciones y riesgos.<\/h4>\n<\/li>\n<li>\n<h4>Solo en la cita de valoraci\u00f3n y luego de los ex\u00e1menes m\u00e9dicos propios de la intervenci\u00f3n es que se podr\u00e1 entregar al paciente, informaci\u00f3n precisa sobre el procedimiento de mentoplastia, aplicada a su caso.<\/h4>\n<\/li>\n<li>\n<h4><span style=\"font-size: medium; font-family: Montserrat; font-weight: normal; color: #0a0505;\"><\/span>El precio del procedimiento mentoplastia puede variar de acuerdo a las condiciones espec\u00edficas\u00a0 del paciente. Soloen la cita de valoracion, se podr\u00e1n entregar los costos precisos de la cirugia o tratamientos.<\/h4>\n<\/li>\n<li>\n<h4><span style=\"font-size: medium; font-family: Montserrat; font-weight: normal; color: #0a0505;\"><\/span>Todos los testimonios, videos y fotos de antes y despu\u00e9s, corresponden a resultados y experiencias obtenidas en esos pacientes espec\u00edficos. Los resultados de los tratamientos y\/o procedimientos pueden variar en cada persona.<\/h4>\n<\/li>\n<\/ul>\n<p>[\/et_pb_text][\/et_pb_column][\/et_pb_row][\/et_pb_section][et_pb_section fb_built=\u00bb1&#8243; custom_padding_last_edited=\u00bbon|phone\u00bb _builder_version=\u00bb4.11.3&#8243; _module_preset=\u00bbdefault\u00bb background_image=\u00bbhttps:\/\/mauriciojimenez.net\/wp-content\/uploads\/2021\/10\/DR4-scaled.jpg\u00bb background_size=\u00bbinitial\u00bb custom_margin=\u00bb-6px|||||\u00bb custom_margin_tablet=\u00bb\u00bb custom_margin_phone=\u00bb-4px||-52px|-1px|false|false\u00bb custom_margin_last_edited=\u00bbon|phone\u00bb custom_padding=\u00bb||91px|||\u00bb custom_padding_tablet=\u00bb\u00bb custom_padding_phone=\u00bb49px||98px||false|false\u00bb background_last_edited=\u00bbon|phone\u00bb background_size_phone=\u00bbcover\u00bb locked=\u00bboff\u00bb global_colors_info=\u00bb{}\u00bb][\/et_pb_section][et_pb_section fb_built=\u00bb1&#8243; admin_label=\u00bbGallery Section\u00bb _builder_version=\u00bb4.11.4&#8243; custom_padding=\u00bb0px||0px|||\u00bb hover_enabled=\u00bb0&#8243; locked=\u00bboff\u00bb global_colors_info=\u00bb{}\u00bb title_text=\u00bb8&#8243; background_image=\u00bbhttps:\/\/mauriciojimenez.net\/wp-content\/uploads\/2021\/10\/8-scaled.jpg\u00bb sticky_enabled=\u00bb0&#8243;][et_pb_row column_structure=\u00bb1_3,1_3,1_3&#8243; use_custom_gutter=\u00bbon\u00bb gutter_width=\u00bb2&#8243; _builder_version=\u00bb3.25&#8243; max_width=\u00bb1440px\u00bb use_custom_width=\u00bbon\u00bb custom_width_px=\u00bb1440px\u00bb global_colors_info=\u00bb{}\u00bb][et_pb_column type=\u00bb1_3&#8243; _builder_version=\u00bb3.25&#8243; custom_padding=\u00bb|||\u00bb global_colors_info=\u00bb{}\u00bb custom_padding__hover=\u00bb|||\u00bb][et_pb_image src=\u00bbhttps:\/\/mauriciojimenez.net\/wp-content\/uploads\/2021\/09\/Antes-y-DespuesMentoplastia-4.png\u00bb title_text=\u00bbAntes-y-Despu\u00e9sMentoplastia-4&#8243; show_in_lightbox=\u00bbon\u00bb force_fullwidth=\u00bbon\u00bb align_tablet=\u00bbcenter\u00bb align_phone=\u00bb\u00bb align_last_edited=\u00bbon|desktop\u00bb _builder_version=\u00bb4.10.7&#8243; custom_padding=\u00bb||0px|||\u00bb animation_style=\u00bbslide\u00bb animation_direction=\u00bbtop\u00bb animation_intensity_slide=\u00bb5%\u00bb animation_starting_opacity=\u00bb100%\u00bb locked=\u00bboff\u00bb global_colors_info=\u00bb{}\u00bb][\/et_pb_image][et_pb_image src=\u00bbhttps:\/\/mauriciojimenez.net\/wp-content\/uploads\/2021\/09\/Antes-y-DespuesMentoplastia-2.png\u00bb title_text=\u00bbAntes-y-Despu\u00e9sMentoplastia-2&#8243; show_in_lightbox=\u00bbon\u00bb force_fullwidth=\u00bbon\u00bb align_tablet=\u00bbcenter\u00bb align_phone=\u00bb\u00bb align_last_edited=\u00bbon|desktop\u00bb _builder_version=\u00bb4.10.7&#8243; custom_padding=\u00bb||0px|||\u00bb animation_style=\u00bbslide\u00bb animation_direction=\u00bbtop\u00bb animation_intensity_slide=\u00bb5%\u00bb animation_starting_opacity=\u00bb100%\u00bb locked=\u00bboff\u00bb global_colors_info=\u00bb{}\u00bb][\/et_pb_image][\/et_pb_column][et_pb_column type=\u00bb1_3&#8243; _builder_version=\u00bb3.25&#8243; custom_padding=\u00bb|||\u00bb global_colors_info=\u00bb{}\u00bb custom_padding__hover=\u00bb|||\u00bb][et_pb_image src=\u00bbhttps:\/\/mauriciojimenez.net\/wp-content\/uploads\/2021\/09\/Antes-y-DespuesMentoplastia-3.png\u00bb title_text=\u00bbAntes-y-Despu\u00e9sMentoplastia-3&#8243; show_in_lightbox=\u00bbon\u00bb force_fullwidth=\u00bbon\u00bb align_tablet=\u00bbcenter\u00bb align_phone=\u00bb\u00bb align_last_edited=\u00bbon|desktop\u00bb _builder_version=\u00bb4.10.7&#8243; custom_padding=\u00bb||0px|||\u00bb animation_style=\u00bbslide\u00bb animation_direction=\u00bbtop\u00bb animation_intensity_slide=\u00bb5%\u00bb animation_starting_opacity=\u00bb100%\u00bb locked=\u00bboff\u00bb global_colors_info=\u00bb{}\u00bb][\/et_pb_image][\/et_pb_column][et_pb_column type=\u00bb1_3&#8243; _builder_version=\u00bb3.25&#8243; custom_padding=\u00bb|||\u00bb global_colors_info=\u00bb{}\u00bb custom_padding__hover=\u00bb|||\u00bb][et_pb_image src=\u00bbhttps:\/\/mauriciojimenez.net\/wp-content\/uploads\/2021\/09\/Antes-y-DespuesMentoplastia-1-1.png\u00bb title_text=\u00bbAntes-y-Despu\u00e9sMentoplastia-\u00bb show_in_lightbox=\u00bbon\u00bb force_fullwidth=\u00bbon\u00bb align_tablet=\u00bbcenter\u00bb align_phone=\u00bb\u00bb align_last_edited=\u00bbon|desktop\u00bb _builder_version=\u00bb4.10.7&#8243; custom_padding=\u00bb||0px|||\u00bb animation_style=\u00bbslide\u00bb animation_direction=\u00bbtop\u00bb animation_intensity_slide=\u00bb5%\u00bb animation_starting_opacity=\u00bb100%\u00bb locked=\u00bboff\u00bb global_colors_info=\u00bb{}\u00bb][\/et_pb_image][\/et_pb_column][\/et_pb_row][\/et_pb_section][et_pb_section fb_built=\u00bb1&#8243; custom_padding_last_edited=\u00bbon|tablet\u00bb _builder_version=\u00bb4.11.3&#8243; _module_preset=\u00bbdefault\u00bb background_enable_color=\u00bboff\u00bb background_image=\u00bbhttps:\/\/mauriciojimenez.net\/wp-content\/uploads\/2021\/10\/6-scaled.jpg\u00bb custom_margin=\u00bb-1px|||-5px|false|false\u00bb custom_margin_tablet=\u00bb0px|-395px||-389px|false|false\u00bb custom_margin_phone=\u00bb0px|-199px|-24px|-201px|false|false\u00bb custom_margin_last_edited=\u00bbon|tablet\u00bb custom_padding=\u00bb16px||64px|||\u00bb custom_padding_tablet=\u00bb0px||0px||false|false\u00bb custom_padding_phone=\u00bb||0px||false|false\u00bb background_color_phone=\u00bb#5b626f\u00bb background_last_edited=\u00bbon|tablet\u00bb background_enable_color_phone=\u00bbon\u00bb background_size_tablet=\u00bbcontain\u00bb background_size_phone=\u00bbcontain\u00bb locked=\u00bboff\u00bb global_colors_info=\u00bb{}\u00bb][\/et_pb_section][et_pb_section fb_built=\u00bb1&#8243; admin_label=\u00bbFooter\u00bb _builder_version=\u00bb4.11.4&#8243; background_color=\u00bb#5b626f\u00bb custom_padding=\u00bb0px||0px||false|false\u00bb top_divider_height=\u00bb660px\u00bb top_divider_flip=\u00bbhorizontal\u00bb bottom_divider_style=\u00bbclouds2&#8243; bottom_divider_color=\u00bbrgba(255,255,255,0.08)\u00bb bottom_divider_height=\u00bb401px\u00bb bottom_divider_flip=\u00bbvertical\u00bb hover_enabled=\u00bb0&#8243; locked=\u00bboff\u00bb global_colors_info=\u00bb{}\u00bb sticky_enabled=\u00bb0&#8243;][et_pb_row _builder_version=\u00bb3.25&#8243; global_colors_info=\u00bb{}\u00bb][et_pb_column type=\u00bb4_4&#8243; _builder_version=\u00bb3.25&#8243; custom_padding=\u00bb|||\u00bb global_colors_info=\u00bb{}\u00bb custom_padding__hover=\u00bb|||\u00bb][et_pb_text _builder_version=\u00bb4.10.7&#8243; text_font=\u00bbMontserrat||||||||\u00bb header_font=\u00bb||||||||\u00bb header_2_font=\u00bbMontserrat|300|||||||\u00bb header_2_text_align=\u00bbcenter\u00bb header_2_font_size=\u00bb50px\u00bb header_2_line_height=\u00bb1.4em\u00bb text_orientation=\u00bbcenter\u00bb background_layout=\u00bbdark\u00bb header_2_font_size_tablet=\u00bb\u00bb header_2_font_size_phone=\u00bb30px\u00bb header_2_font_size_last_edited=\u00bbon|phone\u00bb header_2_line_height_tablet=\u00bb1.4em\u00bb header_2_line_height_phone=\u00bb\u00bb header_2_line_height_last_edited=\u00bbon|desktop\u00bb global_colors_info=\u00bb{}\u00bb]<\/p>\n<h2>Cont\u00e1ctanos en Bogot\u00e1<\/h2>\n<p>[\/et_pb_text][et_pb_text _builder_version=\u00bb4.10.7&#8243; text_font=\u00bbMontserrat|||on|||||\u00bb text_text_color=\u00bbrgba(255,255,255,0.7)\u00bb text_font_size=\u00bb16px\u00bb text_orientation=\u00bbcenter\u00bb background_layout=\u00bbdark\u00bb custom_padding=\u00bb10px|||\u00bb global_colors_info=\u00bb{}\u00bb]<\/p>\n<p>Cirug\u00eda pl\u00e1stica responsable, segura y confiable.<\/p>\n<p>[\/et_pb_text][\/et_pb_column][\/et_pb_row][et_pb_row column_structure=\u00bb1_3,1_3,1_3&#8243; admin_label=\u00bbContent Area\u00bb _builder_version=\u00bb3.25&#8243; global_colors_info=\u00bb{}\u00bb][et_pb_column type=\u00bb1_3&#8243; _builder_version=\u00bb3.25&#8243; custom_padding=\u00bb|||\u00bb global_colors_info=\u00bb{}\u00bb custom_padding__hover=\u00bb|||\u00bb][et_pb_blurb title=\u00bb(+571) 702 9626 \u00bb use_icon=\u00bbon\u00bb font_icon=\u00bb%%264%%\u00bb icon_color=\u00bb#50668b\u00bb use_circle=\u00bbon\u00bb circle_color=\u00bb#ffffff\u00bb icon_placement=\u00bbleft\u00bb use_icon_font_size=\u00bbon\u00bb icon_font_size=\u00bb16px\u00bb _builder_version=\u00bb4.10.7&#8243; header_font=\u00bbMontserrat||||||||\u00bb header_text_color=\u00bb#ffffff\u00bb header_font_size=\u00bb20px\u00bb header_line_height=\u00bb1.7em\u00bb body_font=\u00bbMontserrat||||||||\u00bb body_text_color=\u00bb#ffffff\u00bb body_font_size=\u00bb12px\u00bb global_colors_info=\u00bb{}\u00bb]<\/p>\n<h2><span style=\"color: #ffffff; font-size: large;\">(+57) 313 303 9195<\/span><\/h2>\n<p>[\/et_pb_blurb][\/et_pb_column][et_pb_column type=\u00bb1_3&#8243; _builder_version=\u00bb3.25&#8243; custom_padding=\u00bb|||\u00bb global_colors_info=\u00bb{}\u00bb custom_padding__hover=\u00bb|||\u00bb][et_pb_blurb title=\u00bbinfo@mauriciojimenez.net\u00bb use_icon=\u00bbon\u00bb font_icon=\u00bb%%238%%\u00bb icon_color=\u00bb#50668b\u00bb use_circle=\u00bbon\u00bb circle_color=\u00bb#ffffff\u00bb icon_placement=\u00bbleft\u00bb use_icon_font_size=\u00bbon\u00bb icon_font_size=\u00bb16px\u00bb _builder_version=\u00bb4.10.7&#8243; header_font=\u00bbMontserrat||||||||\u00bb header_text_color=\u00bb#ffffff\u00bb header_font_size=\u00bb20px\u00bb header_line_height=\u00bb1.7em\u00bb locked=\u00bboff\u00bb global_colors_info=\u00bb{}\u00bb][\/et_pb_blurb][\/et_pb_column][et_pb_column type=\u00bb1_3&#8243; _builder_version=\u00bb3.25&#8243; custom_padding=\u00bb|||\u00bb global_colors_info=\u00bb{}\u00bb custom_padding__hover=\u00bb|||\u00bb][et_pb_blurb title=\u00bbCalle 124 # 7-38 Consultorio 902 Bogot\u00e1 &#8211; Colombia\u00bb use_icon=\u00bbon\u00bb font_icon=\u00bb%%249%%\u00bb icon_color=\u00bb#50668b\u00bb use_circle=\u00bbon\u00bb circle_color=\u00bb#ffffff\u00bb icon_placement=\u00bbleft\u00bb use_icon_font_size=\u00bbon\u00bb icon_font_size=\u00bb16px\u00bb _builder_version=\u00bb4.10.7&#8243; header_font=\u00bbMontserrat||||||||\u00bb header_text_color=\u00bb#ffffff\u00bb header_font_size=\u00bb20px\u00bb header_line_height=\u00bb1.7em\u00bb locked=\u00bboff\u00bb global_colors_info=\u00bb{}\u00bb][\/et_pb_blurb][\/et_pb_column][\/et_pb_row][et_pb_row _builder_version=\u00bb3.25&#8243; global_colors_info=\u00bb{}\u00bb custom_margin=\u00bb-63px|auto||auto||\u00bb][et_pb_column type=\u00bb4_4&#8243; _builder_version=\u00bb3.25&#8243; custom_padding=\u00bb|||\u00bb global_colors_info=\u00bb{}\u00bb custom_padding__hover=\u00bb|||\u00bb][et_pb_button button_url=\u00bbhttps:\/\/api.whatsapp.com\/send?phone=573133039195&#038;text=Hola%2C+me+gustar%C3%ADa+ampliar+la+informaci%C3%B3n+que+encontr%C3%A9+en+su+p%C3%A1gina+Web+sobre+Consulta+Virtual+con+el+Dr.+Mauricio+Jim%C3%A9nez\u00bb button_text=\u00bb\u00a1Agenda ya tu cita de valoraci\u00f3n!\u00bb button_alignment=\u00bbcenter\u00bb _builder_version=\u00bb4.10.7&#8243; custom_button=\u00bbon\u00bb button_text_size=\u00bb14px\u00bb button_text_color=\u00bb#5b626f\u00bb button_bg_color=\u00bb#ffffff\u00bb button_border_width=\u00bb14px\u00bb button_border_color=\u00bb#ffffff\u00bb button_border_radius=\u00bb37px\u00bb button_font=\u00bbMontserrat|500|||||||\u00bb background_layout=\u00bbdark\u00bb custom_margin=\u00bb|||\u00bb custom_padding=\u00bb|||\u00bb locked=\u00bboff\u00bb global_colors_info=\u00bb{}\u00bb button_text_size__hover_enabled=\u00bboff\u00bb button_one_text_size__hover_enabled=\u00bboff\u00bb button_two_text_size__hover_enabled=\u00bboff\u00bb button_text_color__hover_enabled=\u00bboff\u00bb button_one_text_color__hover_enabled=\u00bboff\u00bb button_two_text_color__hover_enabled=\u00bboff\u00bb button_border_width__hover_enabled=\u00bboff\u00bb button_one_border_width__hover_enabled=\u00bboff\u00bb button_two_border_width__hover_enabled=\u00bboff\u00bb button_border_color__hover_enabled=\u00bboff\u00bb button_one_border_color__hover_enabled=\u00bboff\u00bb button_two_border_color__hover_enabled=\u00bboff\u00bb button_border_radius__hover_enabled=\u00bboff\u00bb button_one_border_radius__hover_enabled=\u00bboff\u00bb button_two_border_radius__hover_enabled=\u00bboff\u00bb button_letter_spacing__hover_enabled=\u00bboff\u00bb button_one_letter_spacing__hover_enabled=\u00bboff\u00bb button_two_letter_spacing__hover_enabled=\u00bboff\u00bb button_bg_color__hover_enabled=\u00bboff\u00bb button_one_bg_color__hover_enabled=\u00bboff\u00bb button_two_bg_color__hover_enabled=\u00bboff\u00bb][\/et_pb_button][\/et_pb_column][\/et_pb_row][\/et_pb_section]<\/p>\n","protected":false},"excerpt":{"rendered":"<p>PREGUNTAS FRECUENTESLa pr\u00f3tesis del ment\u00f3n para cada paciente, se selecciona con base en un estudio de su fisonom\u00eda; dicha pr\u00f3tesis se fija debajo de los tejidos del ment\u00f3n y es permanente, sin que deba ser cambiada en la posteridad. Si se requiere, puede retirarse f\u00e1cilmente y sin complicaciones, en caso de que el paciente lo [&hellip;]<\/p>\n","protected":false},"author":1,"featured_media":0,"parent":0,"menu_order":0,"comment_status":"closed","ping_status":"closed","template":"","meta":{"_et_pb_use_builder":"on","_et_pb_old_content":"<!-- wp:divi\/placeholder \/-->","_et_gb_content_width":"","footnotes":""},"class_list":["post-229","page","type-page","status-publish","hentry"],"_links":{"self":[{"href":"https:\/\/mauriciojimenez.net\/dr-mauricio-jimenez\/wp-json\/wp\/v2\/pages\/229","targetHints":{"allow":["GET"]}}],"collection":[{"href":"https:\/\/mauriciojimenez.net\/dr-mauricio-jimenez\/wp-json\/wp\/v2\/pages"}],"about":[{"href":"https:\/\/mauriciojimenez.net\/dr-mauricio-jimenez\/wp-json\/wp\/v2\/types\/page"}],"author":[{"embeddable":true,"href":"https:\/\/mauriciojimenez.net\/dr-mauricio-jimenez\/wp-json\/wp\/v2\/users\/1"}],"replies":[{"embeddable":true,"href":"https:\/\/mauriciojimenez.net\/dr-mauricio-jimenez\/wp-json\/wp\/v2\/comments?post=229"}],"version-history":[{"count":24,"href":"https:\/\/mauriciojimenez.net\/dr-mauricio-jimenez\/wp-json\/wp\/v2\/pages\/229\/revisions"}],"predecessor-version":[{"id":1978,"href":"https:\/\/mauriciojimenez.net\/dr-mauricio-jimenez\/wp-json\/wp\/v2\/pages\/229\/revisions\/1978"}],"wp:attachment":[{"href":"https:\/\/mauriciojimenez.net\/dr-mauricio-jimenez\/wp-json\/wp\/v2\/media?parent=229"}],"curies":[{"name":"wp","href":"https:\/\/api.w.org\/{rel}","templated":true}]}}